{"id":5391,"date":"2024-04-17T09:40:24","date_gmt":"2024-04-17T09:40:24","guid":{"rendered":"https:\/\/lapalmastars.com\/events\/el-cabildo-organiza-una-jornada-sobre-la-calidad-del-cielo-nocturno-y-astroturismo-coincidiendo-con-el-aniversario-de-la-declaracion-starlight\/"},"modified":"2024-04-17T09:46:34","modified_gmt":"2024-04-17T09:46:34","slug":"el-cabildo-organiza-una-jornada-sobre-la-calidad-del-cielo-nocturno-y-astroturismo-coincidiendo-con-el-aniversario-de-la-declaracion-starlight","status":"publish","type":"ajde_events","link":"https:\/\/lapalmastars.com\/de\/events\/el-cabildo-organiza-una-jornada-sobre-la-calidad-del-cielo-nocturno-y-astroturismo-coincidiendo-con-el-aniversario-de-la-declaracion-starlight\/","title":{"rendered":"El Cabildo organiza una jornada sobre la calidad del cielo nocturno y astroturismo coincidiendo con el aniversario de la Declaraci\u00f3n Starlight"},"content":{"rendered":"<p style=\"text-align: justify;\">El Cabildo de La Palma, a trav\u00e9s del proyecto La Palma Smart Island que impulsa la Consejer\u00eda de Transformaci\u00f3n Digital, organiza una jornada sobre la calidad del cielo nocturno y el astroturismo, coincidiendo con la celebraci\u00f3n del 17 aniversario de la Declaraci\u00f3n Starlight.<\/p>\n<p style=\"text-align: justify;\">La consejera de Transformaci\u00f3n Digital del Cabildo de La Palma, Miriam Perestelo, destaca que esta cita permitir\u00e1 a las personas asistentes explorar el proyecto y conocer las herramientas instaladas en la Isla para medir la contaminaci\u00f3n lum\u00ednica. Adem\u00e1s, en el taller tambi\u00e9n se abordar\u00e1n temas claves, como la protecci\u00f3n del cielo nocturno y el astroturismo, en aras del desarrollo econ\u00f3mico sostenible local.<\/p>\n<p style=\"text-align: justify;\">El evento tendr\u00e1 lugar el jueves 18 de abril, en horario de 9:00 a 14:00 horas, en la Oficina Smart, en Santa Cruz de La Palma, y las personas interesadas en participar podr\u00e1n inscribirse de manera gratuita a trav\u00e9s del formulario online\u00a0<a href=\"https:\/\/forms.office.com\/e\/ab8fYmwFxe\" target=\"_blank\" rel=\"noopener noreferrer\">https:\/\/forms.office.com\/e\/ab8fYmwFxe<\/a><\/p>\n<p style=\"text-align: justify;\">Miriam Perestelo hace hincapi\u00e9 en la importancia que tiene este encuentro, que contar\u00e1 con figuras destacadas en sus respectivos campos como ponentes. \u201cEsta jornada permitir\u00e1 acercar a las personas que participen en ellas el trabajo que se hace continuamente en la Isla para conservar y proteger nuestro cielo, que es uno de nuestro patrimonio naturales m\u00e1s importantes y que cuenta con un gran reconocimiento a nivel internacional, adem\u00e1s de ser uno de los principales atractivos tur\u00edsticos de La Palma\u201d, defiende la consejera.<\/p>\n<p style=\"text-align: justify;\">El programa contar\u00e1 con la participaci\u00f3n de Juan Bermejo, jefe de servicio del \u00e1rea de Transformaci\u00f3n digital del Cabildo Insular de La Palma; Antonio Gonz\u00e1lez, t\u00e9cnico de Astroturismo de Sodepal; Federico de la Paz, jefe de la Oficina T\u00e9cnica de Protecci\u00f3n del Cielo (OTPC); Antonia Varela P\u00e9rez, directora gerente de la Fundaci\u00f3n Starlight, y Ana Mar\u00eda Garc\u00eda Su\u00e1rez, CEO de la empresa AstroLaPalma SLU.<\/p>\n<p style=\"text-align: justify;\">Se trata de ponentes que garantizan una amplia y enriquecedora jornada sobre los desaf\u00edos y oportunidades que presenta la protecci\u00f3n del cielo nocturno, el desarrollo econ\u00f3mico sostenible en La Palma y el astroturismo.<\/p>\n","protected":false},"author":3,"featured_media":-1,"menu_order":0,"comment_status":"closed","ping_status":"closed","template":"","meta":[],"tags":[721],"event_type":[464],"event_type_2":[],"class_list":["post-5391","ajde_events","type-ajde_events","status-publish","has-post-thumbnail","hentry","tag-calidad-del-cielo-nocturno-y-astroturismo-de","event_type-astronomische-ereignisse"],"yoast_head":"<!-- This site is optimized with the Yoast SEO Premium plugin v25.4 (Yoast SEO v26.6) - https:\/\/yoast.com\/wordpress\/plugins\/seo\/ -->\n<title>El Cabildo organiza una jornada sobre la calidad del cielo nocturno y astroturismo coincidiendo con el aniversario de la Declaraci\u00f3n Starlight - AstroLaPalma<\/title>\n<meta name=\"robots\" content=\"index, follow, max-snippet:-1, max-image-preview:large, max-video-preview:-1\" \/>\n<link rel=\"canonical\" href=\"https:\/\/lapalmastars.com\/de\/events\/el-cabildo-organiza-una-jornada-sobre-la-calidad-del-cielo-nocturno-y-astroturismo-coincidiendo-con-el-aniversario-de-la-declaracion-starlight\/\" \/>\n<meta property=\"og:locale\" content=\"de_DE\" \/>\n<meta property=\"og:type\" content=\"article\" \/>\n<meta property=\"og:title\" content=\"El Cabildo organiza una jornada sobre la calidad del cielo nocturno y astroturismo coincidiendo con el aniversario de la Declaraci\u00f3n Starlight\" \/>\n<meta property=\"og:description\" content=\"El evento tendr\u00e1 lugar el jueves 18 de abril en la Oficina Smart, en Santa Cruz de La Palma\" \/>\n<meta property=\"og:url\" content=\"https:\/\/lapalmastars.com\/de\/events\/el-cabildo-organiza-una-jornada-sobre-la-calidad-del-cielo-nocturno-y-astroturismo-coincidiendo-con-el-aniversario-de-la-declaracion-starlight\/\" \/>\n<meta property=\"og:site_name\" content=\"AstroLaPalma\" \/>\n<meta property=\"article:publisher\" content=\"https:\/\/www.facebook.com\/AstroLaPalma\/\" \/>\n<meta property=\"article:modified_time\" content=\"2024-04-17T09:46:34+00:00\" \/>\n<meta property=\"og:image\" content=\"https:\/\/lapalmastars.com\/wp-content\/uploads\/2024\/04\/Jornadas-Calidad-del-aire.jpg\" \/>\n\t<meta property=\"og:image:width\" content=\"900\" \/>\n\t<meta property=\"og:image:height\" content=\"507\" \/>\n\t<meta property=\"og:image:type\" content=\"image\/jpeg\" \/>\n<meta name=\"twitter:card\" content=\"summary_large_image\" \/>\n<meta name=\"twitter:title\" content=\"El Cabildo organiza una jornada sobre la calidad del cielo nocturno y astroturismo coincidiendo con el aniversario de la Declaraci\u00f3n Starlight\" \/>\n<meta name=\"twitter:site\" content=\"@astrolapalma\" \/>\n<meta name=\"twitter:label1\" content=\"Gesch\u00e4tzte Lesezeit\" \/>\n\t<meta name=\"twitter:data1\" content=\"2\u00a0Minuten\" \/>\n<script type=\"application\/ld+json\" class=\"yoast-schema-graph\">{\"@context\":\"https:\/\/schema.org\",\"@graph\":[{\"@type\":\"WebPage\",\"@id\":\"https:\/\/lapalmastars.com\/de\/events\/el-cabildo-organiza-una-jornada-sobre-la-calidad-del-cielo-nocturno-y-astroturismo-coincidiendo-con-el-aniversario-de-la-declaracion-starlight\/\",\"url\":\"https:\/\/lapalmastars.com\/de\/events\/el-cabildo-organiza-una-jornada-sobre-la-calidad-del-cielo-nocturno-y-astroturismo-coincidiendo-con-el-aniversario-de-la-declaracion-starlight\/\",\"name\":\"El Cabildo organiza una jornada sobre la calidad del cielo nocturno y astroturismo coincidiendo con el aniversario de la Declaraci\u00f3n Starlight - AstroLaPalma\",\"isPartOf\":{\"@id\":\"https:\/\/lapalmastars.com\/#website\"},\"datePublished\":\"2024-04-17T09:40:24+00:00\",\"dateModified\":\"2024-04-17T09:46:34+00:00\",\"breadcrumb\":{\"@id\":\"https:\/\/lapalmastars.com\/de\/events\/el-cabildo-organiza-una-jornada-sobre-la-calidad-del-cielo-nocturno-y-astroturismo-coincidiendo-con-el-aniversario-de-la-declaracion-starlight\/#breadcrumb\"},\"inLanguage\":\"de\",\"potentialAction\":[{\"@type\":\"ReadAction\",\"target\":[\"https:\/\/lapalmastars.com\/de\/events\/el-cabildo-organiza-una-jornada-sobre-la-calidad-del-cielo-nocturno-y-astroturismo-coincidiendo-con-el-aniversario-de-la-declaracion-starlight\/\"]}]},{\"@type\":\"BreadcrumbList\",\"@id\":\"https:\/\/lapalmastars.com\/de\/events\/el-cabildo-organiza-una-jornada-sobre-la-calidad-del-cielo-nocturno-y-astroturismo-coincidiendo-con-el-aniversario-de-la-declaracion-starlight\/#breadcrumb\",\"itemListElement\":[{\"@type\":\"ListItem\",\"position\":1,\"name\":\"Portada\",\"item\":\"https:\/\/lapalmastars.com\/de\/\"},{\"@type\":\"ListItem\",\"position\":2,\"name\":\"Eventos\",\"item\":\"https:\/\/lapalmastars.com\/events\/\"},{\"@type\":\"ListItem\",\"position\":3,\"name\":\"El Cabildo organiza una jornada sobre la calidad del cielo nocturno y astroturismo coincidiendo con el aniversario de la Declaraci\u00f3n Starlight\"}]},{\"@type\":\"WebSite\",\"@id\":\"https:\/\/lapalmastars.com\/#website\",\"url\":\"https:\/\/lapalmastars.com\/\",\"name\":\"La Palma Astronomy Tours\",\"description\":\"AstroLaPalma, turismo de estrellas\",\"publisher\":{\"@id\":\"https:\/\/lapalmastars.com\/#organization\"},\"potentialAction\":[{\"@type\":\"SearchAction\",\"target\":{\"@type\":\"EntryPoint\",\"urlTemplate\":\"https:\/\/lapalmastars.com\/?s={search_term_string}\"},\"query-input\":{\"@type\":\"PropertyValueSpecification\",\"valueRequired\":true,\"valueName\":\"search_term_string\"}}],\"inLanguage\":\"de\"},{\"@type\":\"Organization\",\"@id\":\"https:\/\/lapalmastars.com\/#organization\",\"name\":\"La Palma Astronomy Tours\",\"url\":\"https:\/\/lapalmastars.com\/\",\"logo\":{\"@type\":\"ImageObject\",\"inLanguage\":\"de\",\"@id\":\"https:\/\/lapalmastars.com\/#\/schema\/logo\/image\/\",\"url\":\"https:\/\/lapalmastars.com\/wp-content\/uploads\/2017\/03\/Logo.jpg\",\"contentUrl\":\"https:\/\/lapalmastars.com\/wp-content\/uploads\/2017\/03\/Logo.jpg\",\"width\":193,\"height\":120,\"caption\":\"La Palma Astronomy Tours\"},\"image\":{\"@id\":\"https:\/\/lapalmastars.com\/#\/schema\/logo\/image\/\"},\"sameAs\":[\"https:\/\/www.facebook.com\/AstroLaPalma\/\",\"https:\/\/x.com\/astrolapalma\",\"https:\/\/www.instagram.com\/lapalmastars\",\"https:\/\/www.youtube.com\/user\/astrolapalma\"]}]}<\/script>\n<!-- \/ Yoast SEO Premium plugin. -->","yoast_head_json":{"title":"El Cabildo organiza una jornada sobre la calidad del cielo nocturno y astroturismo coincidiendo con el aniversario de la Declaraci\u00f3n Starlight - AstroLaPalma","robots":{"index":"index","follow":"follow","max-snippet":"max-snippet:-1","max-image-preview":"max-image-preview:large","max-video-preview":"max-video-preview:-1"},"canonical":"https:\/\/lapalmastars.com\/de\/events\/el-cabildo-organiza-una-jornada-sobre-la-calidad-del-cielo-nocturno-y-astroturismo-coincidiendo-con-el-aniversario-de-la-declaracion-starlight\/","og_locale":"de_DE","og_type":"article","og_title":"El Cabildo organiza una jornada sobre la calidad del cielo nocturno y astroturismo coincidiendo con el aniversario de la Declaraci\u00f3n Starlight","og_description":"El evento tendr\u00e1 lugar el jueves 18 de abril en la Oficina Smart, en Santa Cruz de La Palma","og_url":"https:\/\/lapalmastars.com\/de\/events\/el-cabildo-organiza-una-jornada-sobre-la-calidad-del-cielo-nocturno-y-astroturismo-coincidiendo-con-el-aniversario-de-la-declaracion-starlight\/","og_site_name":"AstroLaPalma","article_publisher":"https:\/\/www.facebook.com\/AstroLaPalma\/","article_modified_time":"2024-04-17T09:46:34+00:00","og_image":[{"width":900,"height":507,"url":"https:\/\/lapalmastars.com\/wp-content\/uploads\/2024\/04\/Jornadas-Calidad-del-aire.jpg","type":"image\/jpeg"}],"twitter_card":"summary_large_image","twitter_title":"El Cabildo organiza una jornada sobre la calidad del cielo nocturno y astroturismo coincidiendo con el aniversario de la Declaraci\u00f3n Starlight","twitter_site":"@astrolapalma","twitter_misc":{"Gesch\u00e4tzte Lesezeit":"2\u00a0Minuten"},"schema":{"@context":"https:\/\/schema.org","@graph":[{"@type":"WebPage","@id":"https:\/\/lapalmastars.com\/de\/events\/el-cabildo-organiza-una-jornada-sobre-la-calidad-del-cielo-nocturno-y-astroturismo-coincidiendo-con-el-aniversario-de-la-declaracion-starlight\/","url":"https:\/\/lapalmastars.com\/de\/events\/el-cabildo-organiza-una-jornada-sobre-la-calidad-del-cielo-nocturno-y-astroturismo-coincidiendo-con-el-aniversario-de-la-declaracion-starlight\/","name":"El Cabildo organiza una jornada sobre la calidad del cielo nocturno y astroturismo coincidiendo con el aniversario de la Declaraci\u00f3n Starlight - AstroLaPalma","isPartOf":{"@id":"https:\/\/lapalmastars.com\/#website"},"datePublished":"2024-04-17T09:40:24+00:00","dateModified":"2024-04-17T09:46:34+00:00","breadcrumb":{"@id":"https:\/\/lapalmastars.com\/de\/events\/el-cabildo-organiza-una-jornada-sobre-la-calidad-del-cielo-nocturno-y-astroturismo-coincidiendo-con-el-aniversario-de-la-declaracion-starlight\/#breadcrumb"},"inLanguage":"de","potentialAction":[{"@type":"ReadAction","target":["https:\/\/lapalmastars.com\/de\/events\/el-cabildo-organiza-una-jornada-sobre-la-calidad-del-cielo-nocturno-y-astroturismo-coincidiendo-con-el-aniversario-de-la-declaracion-starlight\/"]}]},{"@type":"BreadcrumbList","@id":"https:\/\/lapalmastars.com\/de\/events\/el-cabildo-organiza-una-jornada-sobre-la-calidad-del-cielo-nocturno-y-astroturismo-coincidiendo-con-el-aniversario-de-la-declaracion-starlight\/#breadcrumb","itemListElement":[{"@type":"ListItem","position":1,"name":"Portada","item":"https:\/\/lapalmastars.com\/de\/"},{"@type":"ListItem","position":2,"name":"Eventos","item":"https:\/\/lapalmastars.com\/events\/"},{"@type":"ListItem","position":3,"name":"El Cabildo organiza una jornada sobre la calidad del cielo nocturno y astroturismo coincidiendo con el aniversario de la Declaraci\u00f3n Starlight"}]},{"@type":"WebSite","@id":"https:\/\/lapalmastars.com\/#website","url":"https:\/\/lapalmastars.com\/","name":"La Palma Astronomy Tours","description":"AstroLaPalma, turismo de estrellas","publisher":{"@id":"https:\/\/lapalmastars.com\/#organization"},"potentialAction":[{"@type":"SearchAction","target":{"@type":"EntryPoint","urlTemplate":"https:\/\/lapalmastars.com\/?s={search_term_string}"},"query-input":{"@type":"PropertyValueSpecification","valueRequired":true,"valueName":"search_term_string"}}],"inLanguage":"de"},{"@type":"Organization","@id":"https:\/\/lapalmastars.com\/#organization","name":"La Palma Astronomy Tours","url":"https:\/\/lapalmastars.com\/","logo":{"@type":"ImageObject","inLanguage":"de","@id":"https:\/\/lapalmastars.com\/#\/schema\/logo\/image\/","url":"https:\/\/lapalmastars.com\/wp-content\/uploads\/2017\/03\/Logo.jpg","contentUrl":"https:\/\/lapalmastars.com\/wp-content\/uploads\/2017\/03\/Logo.jpg","width":193,"height":120,"caption":"La Palma Astronomy Tours"},"image":{"@id":"https:\/\/lapalmastars.com\/#\/schema\/logo\/image\/"},"sameAs":["https:\/\/www.facebook.com\/AstroLaPalma\/","https:\/\/x.com\/astrolapalma","https:\/\/www.instagram.com\/lapalmastars","https:\/\/www.youtube.com\/user\/astrolapalma"]}]}},"_links":{"self":[{"href":"https:\/\/lapalmastars.com\/de\/wp-json\/wp\/v2\/ajde_events\/5391","targetHints":{"allow":["GET"]}}],"collection":[{"href":"https:\/\/lapalmastars.com\/de\/wp-json\/wp\/v2\/ajde_events"}],"about":[{"href":"https:\/\/lapalmastars.com\/de\/wp-json\/wp\/v2\/types\/ajde_events"}],"author":[{"embeddable":true,"href":"https:\/\/lapalmastars.com\/de\/wp-json\/wp\/v2\/users\/3"}],"replies":[{"embeddable":true,"href":"https:\/\/lapalmastars.com\/de\/wp-json\/wp\/v2\/comments?post=5391"}],"wp:featuredmedia":[{"embeddable":true,"href":"https:\/\/lapalmastars.com\/de\/wp-json\/"}],"wp:attachment":[{"href":"https:\/\/lapalmastars.com\/de\/wp-json\/wp\/v2\/media?parent=5391"}],"wp:term":[{"taxonomy":"post_tag","embeddable":true,"href":"https:\/\/lapalmastars.com\/de\/wp-json\/wp\/v2\/tags?post=5391"},{"taxonomy":"event_type","embeddable":true,"href":"https:\/\/lapalmastars.com\/de\/wp-json\/wp\/v2\/event_type?post=5391"},{"taxonomy":"event_type_2","embeddable":true,"href":"https:\/\/lapalmastars.com\/de\/wp-json\/wp\/v2\/event_type_2?post=5391"}],"curies":[{"name":"wp","href":"https:\/\/api.w.org\/{rel}","templated":true}]}}